{"id":7372,"date":"2023-12-15T08:57:04","date_gmt":"2023-12-15T07:57:04","guid":{"rendered":"https:\/\/www.zssafarikova.cz\/?page_id=7372"},"modified":"2025-06-20T09:21:17","modified_gmt":"2025-06-20T08:21:17","slug":"7372-2","status":"publish","type":"page","link":"https:\/\/www.zssafarikova.cz\/?page_id=7372","title":{"rendered":"Povinn\u011b zve\u0159ej\u0148ovan\u00e9 informace"},"content":{"rendered":"\n<p>Povinn\u011b zve\u0159ej\u0148ovan\u00e9 informace dle z\u00e1kona \u010d. 106\/99 Sb., \u00a7 5, odst. 1 a 2, struktura dle&nbsp;<a href=\"https:\/\/cdn.antee.cz\/documents\/povinne-zverejnovane-informace-priloha-k-vyhlasce-515-2020.pdf\" target=\"_blank\" rel=\"noreferrer noopener\">vyhl\u00e1\u0161ky \u010d. 515\/2020 Sb.<\/a><\/p>\n\n\n\n<h2 class=\"wp-block-heading\">1. Ofici\u00e1ln\u00ed n\u00e1zev<\/h2>\n\n\n\n<p>Z\u00e1kladn\u00ed \u0161kola Vala\u0161sk\u00e9 Mezi\u0159\u00ed\u010d\u00ed, \u0160afa\u0159\u00edkova 726, okres Vset\u00edn, p\u0159\u00edsp\u011bvkov\u00e1 organizace<\/p>\n\n\n\n<h2 class=\"wp-block-heading\">2. D\u016fvod a zp\u016fsob zalo\u017een\u00ed<\/h2>\n\n\n\n<p>Organizace byla z\u0159\u00edzena m\u011bstem Vala\u0161sk\u00e9 Mezi\u0159\u00ed\u010d\u00ed z\u0159izovac\u00ed listinou jako p\u0159\u00edsp\u011bvkov\u00e1 organizace pro zaji\u0161t\u011bn\u00ed z\u00e1kladn\u00edho vzd\u011bl\u00e1v\u00e1n\u00ed \u017e\u00e1k\u016f. P\u0159edm\u011bt jej\u00ed \u010dinnosti je vymezen z\u00e1konem \u010d. 561\/2004 Sb., o p\u0159ed\u0161koln\u00edm, z\u00e1kladn\u00edm, st\u0159edn\u00edm, vy\u0161\u0161\u00edm odborn\u00e9m a jin\u00e9m vzd\u011bl\u00e1v\u00e1n\u00ed (\u0161kolsk\u00fd z\u00e1kon) ve zn\u011bn\u00ed pozd\u011bj\u0161\u00edch p\u0159edpis\u016f.<\/p>\n\n\n\n<h2 class=\"wp-block-heading\">2. D\u016fvod a zp\u016fsob zalo\u017een\u00ed<\/h2>\n\n\n\n<p>Organizace byla z\u0159\u00edzena m\u011bstem Vala\u0161sk\u00e9 Mezi\u0159\u00ed\u010d\u00ed z\u0159izovac\u00ed listinou jako p\u0159\u00edsp\u011bvkov\u00e1 organizace pro zaji\u0161t\u011bn\u00ed z\u00e1kladn\u00edho vzd\u011bl\u00e1v\u00e1n\u00ed \u017e\u00e1k\u016f. P\u0159edm\u011bt jej\u00ed \u010dinnosti je vymezen z\u00e1konem \u010d. 561\/2004 Sb., o p\u0159ed\u0161koln\u00edm, z\u00e1kladn\u00edm, st\u0159edn\u00edm, vy\u0161\u0161\u00edm odborn\u00e9m a jin\u00e9m vzd\u011bl\u00e1v\u00e1n\u00ed (\u0161kolsk\u00fd z\u00e1kon) ve zn\u011bn\u00ed pozd\u011bj\u0161\u00edch p\u0159edpis\u016f.<\/p>\n\n\n\n<h2 class=\"wp-block-heading\">4. Kontaktn\u00ed spojen\u00ed<\/h2>\n\n\n\n<p>Podatelna: kancel\u00e1\u0159 \u0161koly &#8211; viz n\u00ed\u017ee kontaktn\u00ed po\u0161tovn\u00ed adresa<br>Tel: 561 611 168 &#8211; kancel\u00e1\u0159<br>739 454 346 &#8211; \u0159editel <br>739 454 348 &#8211; z\u00e1stupce pro 1. stupe\u0148 Z\u0160 a z\u00e1jmov\u00e9 vzd\u011bl\u00e1v\u00e1n\u00ed<br>770 101 651 &#8211; z\u00e1stupce pro 2. stupe\u0148 Z\u0160<br>733 641 331 &#8211; ekonomick\u00fd z\u00e1stupce, \u00fasek spr\u00e1vn\u00edch zam\u011bstnanc\u016f<br>739 453 726 &#8211; vedouc\u00ed \u0161koln\u00ed j\u00eddelny<\/p>\n\n\n\n<ul class=\"wp-block-list\">\n<li>4.1 Kontaktn\u00ed po\u0161tovn\u00ed adresa: <br>\u0160afa\u0159\u00edkova 726\/9 <br>757 01 Vala\u0161sk\u00e9 Mezi\u0159\u00ed\u010d\u00ed<\/li>\n\n\n\n<li>4.2 Adresa \u00fa\u0159adovny pro osobn\u00ed n\u00e1v\u0161t\u011bvu<br>podatelna \u0161koly &#8211; viz 4.1 kontaktn\u00ed adresa<\/li>\n\n\n\n<li>4.3 \u00da\u0159edn\u00ed hodiny<br>pond\u011bl\u00ed &#8211; p\u00e1tek 8:00 &#8211; 15:00 hod<\/li>\n\n\n\n<li>4.4 Telefonn\u00ed \u010d\u00edsla<br>viz 4 kontaktn\u00ed spojen\u00ed a tak\u00e9 na <a href=\"https:\/\/www.zssafarikova.cz\/?page_id=254\">www.zssafarikova.cz<\/a><\/li>\n\n\n\n<li>4.5 Adresa internetov\u00fdch str\u00e1nek<br><a href=\"https:\/\/www.zssafarikova.cz\">www.zssafarikova.cz<\/a><\/li>\n\n\n\n<li>4.6 Adresa podatelny<br>V\u00fd\u0161e uveden\u00e1 adresa podatelny slou\u017e\u00ed pro doru\u010dov\u00e1n\u00ed dokument\u016f v listinn\u00e9 podob\u011b i pro doru\u010dov\u00e1n\u00ed dokument\u016f v elektronick\u00e9 podob\u011b doru\u010dovan\u00fdch na technick\u00fdch nosi\u010d\u00edch &#8211; USB flash disk.<\/li>\n\n\n\n<li>4.7 Elektronick\u00e1 adresa podatelny<br>skola@zssafarikova.cz <\/li>\n\n\n\n<li>4.8 Datov\u00e1 schr\u00e1nka<br>ID datov\u00e9 schr\u00e1nky: 8mwmubq<\/li>\n<\/ul>\n\n\n\n<h2 class=\"wp-block-heading\">5. P\u0159\u00edpadn\u00e9 platby lze pouk\u00e1zat<\/h2>\n\n\n\n<p>\u010c\u00edslo \u00fa\u010dtu: 1511988\/0300 \u010cSOB a.s.<br>D\u00e1le jsou umo\u017en\u011bny platby v hotovosti v \u00fa\u0159edn\u00edch hodin\u00e1ch na podateln\u011b organizace.<\/p>\n\n\n\n<h2 class=\"wp-block-heading\">6. I\u010c<\/h2>\n\n\n\n<p>00851761<\/p>\n\n\n\n<h2 class=\"wp-block-heading\">7. DI\u010c<\/h2>\n\n\n\n<p>CZ00851761 \u0160kola nen\u00ed pl\u00e1tcem DPH<\/p>\n\n\n\n<h2 class=\"wp-block-heading\">8. Seznamy hlavn\u00edch dokument\u016f:<\/h2>\n\n\n\n<p><a href=\"https:\/\/www.zssafarikova.cz\/?page_id=4658\">Seznamy hlavn\u00edch dokument\u016f.<\/a><\/p>\n\n\n\n<h2 class=\"wp-block-heading\">9. \u017d\u00e1dosti o informace<\/h2>\n\n\n\n<p>datovou schr\u00e1nkou<\/p>\n\n\n\n<p>elektronicky na skola@zssafarikova.cz<br>datovou schr\u00e1nkou<br>osobn\u011b \u010di p\u00edsemn\u011b v podateln\u011b organizace<br>po\u0161tou na adresu organizace<\/p>\n\n\n\n<h2 class=\"wp-block-heading\">10.P\u0159\u00edjem pod\u00e1n\u00ed a podn\u011bt\u016f<\/h2>\n\n\n\n<p>St\u00ed\u017enosti a podn\u011bty se pod\u00e1vaj\u00ed:<br>elektronicky na skola@zssafarikova.cz<br>datovou schr\u00e1nkou<br>osobn\u011b \u010di p\u00edsemn\u011b v podateln\u011b organizace<br>po\u0161tou na adresu podatelny<\/p>\n\n\n\n<h2 class=\"wp-block-heading\" id=\"block-7f4cb02f-e04a-4f1a-9b6d-6823f61a6864\">11. P\u0159edpisy<\/h2>\n\n\n\n<ul class=\"wp-block-list\">\n<li>11.1 Nejd\u016fle\u017eit\u011bj\u0161\u00ed pou\u017e\u00edvan\u00e9 p\u0159edpisy<br><a href=\"https:\/\/www.zakonyprolidi.cz\/cs\/1999-106\">Z\u00e1kon \u010d. 106\/1999 Sb.<\/a> o svobodn\u00e9m p\u0159\u00edstupu k informac\u00edm v platn\u00e9m zn\u011bn\u00ed<br><a class=\"docs-creator\" href=\"https:\/\/www.zakonyprolidi.cz\/cs\/2004-500\" target=\"_blank\" rel=\"noreferrer noopener\">Z\u00e1kon \u010d. 500\/2004 Sb.<\/a> Spr\u00e1vn\u00ed \u0159\u00e1d v platn\u00e9m zn\u011bn\u00ed<br><a class=\"docs-creator\" href=\"https:\/\/www.zakonyprolidi.cz\/cs\/2004-561\" target=\"_blank\" rel=\"noreferrer noopener\">Z\u00e1kon \u010d. 561\/2004 Sb.<\/a> o p\u0159ed\u0161koln\u00edm, z\u00e1kladn\u00edm, st\u0159edn\u00edm, vy\u0161\u0161\u00edm odborn\u00e9m a jin\u00e9m vzd\u011bl\u00e1v\u00e1n\u00ed (\u0161kolsk\u00fd z\u00e1kon) v platn\u00e9m zn\u011bn\u00ed<br><a class=\"docs-creator\" href=\"https:\/\/www.zakonyprolidi.cz\/cs\/2004-563\" target=\"_blank\" rel=\"noreferrer noopener\">Z\u00e1kon \u010d. 563\/2004 Sb.<\/a> o pedagogick\u00fdch pracovn\u00edcch v platn\u00e9m zn\u011bn\u00ed<br><a class=\"docs-creator\" href=\"https:\/\/www.zakonyprolidi.cz\/cs\/2000-250\" target=\"_blank\" rel=\"noreferrer noopener\">Z\u00e1kon \u010d. 250\/2000 Sb.<\/a> o rozpo\u010dtov\u00fdxh pravidlech \u00fazemn\u00edch rozpo\u010dt\u016f v platn\u00e9m zn\u011bn\u00ed<br><a class=\"docs-creator\" href=\"https:\/\/www.zakonyprolidi.cz\/cs\/2005-16\">Vyhl\u00e1\u0161ka \u010d. 16\/2005 Sb.<\/a> o organizaci \u0161koln\u00edho roku <br><a class=\"docs-creator\" href=\"https:\/\/www.zakonyprolidi.cz\/cs\/2016-27\">Vyhl\u00e1\u0161ka \u010d. 27\/2016 Sb.<\/a> o vzd\u011bl\u00e1v\u00e1n\u00ed \u017e\u00e1k\u016f se speci\u00e1ln\u00edmi vzd\u011bl\u00e1vac\u00edmi pot\u0159ebami a \u017e\u00e1k\u016f nadan\u00fdch<br><a class=\"docs-creator\" href=\"https:\/\/www.zakonyprolidi.cz\/cs\/2005-48\">Vyhl\u00e1\u0161ka \u010d. 48\/2005 Sb.<\/a> o z\u00e1kladn\u00edm vzd\u011bl\u00e1v\u00e1n\u00ed a n\u011bkter\u00fdch n\u00e1le\u017eitostech pln\u011bn\u00ed povinn\u00e9 \u0161koln\u00ed doch\u00e1zky<br><a class=\"docs-creator\" href=\"https:\/\/www.zakonyprolidi.cz\/cs\/2005-72\">Vyhl\u00e1\u0161ka \u010d. 72\/2005 Sb.<\/a> o poskytov\u00e1n\u00ed poradensk\u00fdch slu\u017eeb ve \u0161kol\u00e1ch a \u0161kolsk\u00fdch poradensk\u00fdch za\u0159\u00edzen\u00edch<br><a class=\"docs-creator\" href=\"https:\/\/www.zakonyprolidi.cz\/cs\/2005-74\">Vyhl\u00e1\u0161ka 74\/2005 Sb.<\/a> o z\u00e1jmov\u00e9m vzd\u011bl\u00e1v\u00e1n\u00ed<br><a class=\"docs-creator\" href=\"https:\/\/www.zakonyprolidi.cz\/cs\/2005-107\">Vyhl\u00e1\u0161ka 107\/2005 Sb.<\/a> o \u0161koln\u00edm stravov\u00e1n\u00ed<\/li>\n\n\n\n<li>P\u0159edpisy jsou p\u0159\u00edstupn\u00e9 k nahl\u00e9dnut\u00ed v \u00fa\u0159edn\u00edch hodin\u00e1ch v kancel\u00e1\u0159i \u0161koly.<\/li>\n<\/ul>\n\n\n\n<h2 class=\"wp-block-heading\">12. \u00dahrady za poskytov\u00e1n\u00ed informac\u00ed<\/h2>\n\n\n\n<ul class=\"wp-block-list\">\n<li>12.1 <a href=\"https:\/\/drive.google.com\/file\/d\/1FhHe7kGRkw9fCGLqi3soUjHZk92Jny1A\/view\">Sazebn\u00edk \u00fahrad za poskytov\u00e1n\u00ed informac\u00ed<\/a><\/li>\n\n\n\n<li>12.2 Rozhodnut\u00ed nad\u0159\u00edzen\u00e9ho org\u00e1nu o v\u00fd\u0161i \u00fahrad za poskytnut\u00ed informac\u00ed<br>\u017dadatel m\u016f\u017ee podat na postup p\u0159i vy\u0159izov\u00e1n\u00ed \u017e\u00e1dosti o informace st\u00ed\u017enost, pokud nesouhlas\u00ed s v\u00fd\u0161\u00ed \u00fahrady. O st\u00ed\u017enosti rozhoduje nad\u0159\u00edzen\u00fd org\u00e1n. V sou\u010dasn\u00e9 dob\u011b nejsou vyd\u00e1na \u017e\u00e1dn\u00e1 usnesen\u00ed nad\u0159\u00edzen\u00e9ho org\u00e1nu t\u00fdkaj\u00edc\u00ed se t\u011bchto st\u00ed\u017enost\u00ed.<\/li>\n<\/ul>\n\n\n\n<h2 class=\"wp-block-heading\">13. Licen\u010dn\u00ed smlouvy<\/h2>\n\n\n\n<ul class=\"wp-block-list\">\n<li>13.1. Vzory lecen\u010dn\u00edch smluv<br>Nebyly vypracov\u00e1ny.<\/li>\n\n\n\n<li>13.2. V\u00fdhradn\u00ed licence<br>Organizaci nebyly poskytbuty \u017e\u00e1dn\u00e9 v\u00fdhradn\u00ed licence podle \u00a7 14a odst. 4 z\u00e1kona \u010d. 106\/1999 Sb. o svobodn\u00e9m p\u0159\u00edstupu k informac\u00edm ve zn\u011bn\u00ed pozd\u011bj\u0161\u00edch p\u0159edpis\u016f.<\/li>\n<\/ul>\n\n\n\n<h2 class=\"wp-block-heading\">14. V\u00fdro\u010dn\u00ed zpr\u00e1va podle z\u00e1kona \u010d. 106\/1999 Sb. o svobodn\u00e9m p\u0159\u00edstupu k informac\u00edm<\/h2>\n\n\n\n<ul class=\"wp-block-list\">\n<li><a href=\"https:\/\/www.zssafarikova.cz\/?page_id=1728\">V\u00fdro\u010dn\u00ed zpr\u00e1va<\/a> o \u010dinnosti v oblasti poskytov\u00e1n\u00ed informac\u00ed podle z\u00e1kona o svobodn\u00e9m p\u0159\u00edstupu k informac\u00edm.<\/li>\n<\/ul>\n","protected":false},"excerpt":{"rendered":"<p>Povinn\u011b zve\u0159ej\u0148ovan\u00e9 informace dle z\u00e1kona \u010d. 106\/99 Sb., \u00a7 5, odst. 1 a 2, struktura dle&nbsp;vyhl\u00e1\u0161ky \u010d. 515\/2020 Sb. 1. Ofici\u00e1ln\u00ed n\u00e1zev Z\u00e1kladn\u00ed \u0161kola Vala\u0161sk\u00e9 Mezi\u0159\u00ed\u010d\u00ed, \u0160afa\u0159\u00edkova 726, okres Vset\u00edn, p\u0159\u00edsp\u011bvkov\u00e1 organizace 2. D\u016fvod a zp\u016fsob zalo\u017een\u00ed Organizace byla z\u0159\u00edzena m\u011bstem Vala\u0161sk\u00e9 Mezi\u0159\u00ed\u010d\u00ed z\u0159izovac\u00ed listinou jako p\u0159\u00edsp\u011bvkov\u00e1 organizace pro zaji\u0161t\u011bn\u00ed z\u00e1kladn\u00edho vzd\u011bl\u00e1v\u00e1n\u00ed \u017e\u00e1k\u016f. P\u0159edm\u011bt jej\u00ed \u010dinnosti je vymezen z\u00e1konem \u010d. <a href=\"https:\/\/www.zssafarikova.cz\/?page_id=7372\" class=\"read-more\">V\u00edce &#8230;<\/a><\/p>\n","protected":false},"author":1,"featured_media":0,"parent":0,"menu_order":0,"comment_status":"closed","ping_status":"closed","template":"","meta":{"footnotes":""},"class_list":["post-7372","page","type-page","status-publish","hentry"],"_links":{"self":[{"href":"https:\/\/www.zssafarikova.cz\/index.php?rest_route=\/wp\/v2\/pages\/7372","targetHints":{"allow":["GET"]}}],"collection":[{"href":"https:\/\/www.zssafarikova.cz\/index.php?rest_route=\/wp\/v2\/pages"}],"about":[{"href":"https:\/\/www.zssafarikova.cz\/index.php?rest_route=\/wp\/v2\/types\/page"}],"author":[{"embeddable":true,"href":"https:\/\/www.zssafarikova.cz\/index.php?rest_route=\/wp\/v2\/users\/1"}],"replies":[{"embeddable":true,"href":"https:\/\/www.zssafarikova.cz\/index.php?rest_route=%2Fwp%2Fv2%2Fcomments&post=7372"}],"version-history":[{"count":4,"href":"https:\/\/www.zssafarikova.cz\/index.php?rest_route=\/wp\/v2\/pages\/7372\/revisions"}],"predecessor-version":[{"id":8194,"href":"https:\/\/www.zssafarikova.cz\/index.php?rest_route=\/wp\/v2\/pages\/7372\/revisions\/8194"}],"wp:attachment":[{"href":"https:\/\/www.zssafarikova.cz\/index.php?rest_route=%2Fwp%2Fv2%2Fmedia&parent=7372"}],"curies":[{"name":"wp","href":"https:\/\/api.w.org\/{rel}","templated":true}]}}